{"id":23,"date":"2018-03-27T20:39:48","date_gmt":"2018-03-27T18:39:48","guid":{"rendered":"http:\/\/jososabadell.cat\/?page_id=23"},"modified":"2025-03-09T23:29:34","modified_gmt":"2025-03-09T21:29:34","slug":"inici","status":"publish","type":"page","link":"https:\/\/jososabadell.cat\/es\/","title":{"rendered":"Inicio"},"content":{"rendered":"<div class=\"vce-row-container\"><div class=\"vce-row vce-row--xl--has-col-background vce-row--lg--has-col-background vce-row--md--has-col-background vce-row--sm--has-col-background vce-row--xs--has-col-background vce-element--has-background vce-row--col-gap-30 vce-row-full-height vce-row-equal-height vce-row-columns--top vce-row-content--top\" data-vce-full-width=\"true\" data-vce-stretch-content=\"true\" id=\"el-a85a963a\" data-vce-do-apply=\"all el-a85a963a\"><div class=\"vce-content-background-container\"><\/div><div class=\"vce-row-content\" data-vce-element-content=\"true\"><div class=\"vce-col vce-element--xl--has-background vce-element--lg--has-background vce-element--md--has-background vce-element--sm--has-background vce-element--xs--has-background vce-col--md-auto vce-col--xs-1 vce-col--xs-last vce-col--xs-first vce-col--sm-last vce-col--sm-first vce-col--md-first vce-col--lg-first vce-col--xl-first\" id=\"el-19aaafcf\"><div class=\"vce-col-inner\" data-vce-do-apply=\"border margin background  el-19aaafcf\"><div class=\"vce-content-background-container\"><div class=\"vce-asset-parallax-container vce-visible-xl-only\" data-vce-assets-parallax=\".vce-asset-parallax\" data-vce-assets-parallax-reverse=\"true\"><div class=\"vce-asset-parallax\" style=\"top: -30vh; bottom: -30vh; transform: translateY(-30vh);\"><div class=\"vce-asset-background-simple-container vce-visible-xl-only vce-asset-background-simple--style-cover vce-asset-background-simple--position-center-center\"><div class=\"vce-asset-background-simple\">\r\n              <div class=\"vce-asset-background-simple-item vcv-lozad\" data-background-image=\"https:\/\/jososabadell.cat\/wp-content\/uploads\/2023\/09\/2023Rokushi_mini.png\"><\/div>\r\n              <noscript>\r\n                <div class=\"vce-asset-background-simple-item\" style=\"background-image: url(https:\/\/jososabadell.cat\/wp-content\/uploads\/2023\/09\/2023Rokushi_mini.png)\"><\/div>\r\n              <\/noscript>\r\n            <\/div><\/div><\/div><\/div><div class=\"vce-asset-parallax-container vce-visible-lg-only\" data-vce-assets-parallax=\".vce-asset-parallax\" data-vce-assets-parallax-reverse=\"true\"><div class=\"vce-asset-parallax\" style=\"top: -30vh; bottom: -30vh;\"><div class=\"vce-asset-background-simple-container vce-visible-lg-only vce-asset-background-simple--style-cover vce-asset-background-simple--position-center-center\"><div class=\"vce-asset-background-simple\">\r\n              <div class=\"vce-asset-background-simple-item vcv-lozad\" data-background-image=\"https:\/\/jososabadell.cat\/wp-content\/uploads\/2023\/09\/2023Rokushi_mini.png\"><\/div>\r\n              <noscript>\r\n                <div class=\"vce-asset-background-simple-item\" style=\"background-image: url(https:\/\/jososabadell.cat\/wp-content\/uploads\/2023\/09\/2023Rokushi_mini.png)\"><\/div>\r\n              <\/noscript>\r\n            <\/div><\/div><\/div><\/div><div class=\"vce-asset-parallax-container vce-visible-md-only\" data-vce-assets-parallax=\".vce-asset-parallax\" data-vce-assets-parallax-reverse=\"true\"><div class=\"vce-asset-parallax\" style=\"top: -30vh; bottom: -30vh;\"><div class=\"vce-asset-background-simple-container vce-visible-md-only vce-asset-background-simple--style-cover vce-asset-background-simple--position-center-center\"><div class=\"vce-asset-background-simple\">\r\n              <div class=\"vce-asset-background-simple-item vcv-lozad\" data-background-image=\"https:\/\/jososabadell.cat\/wp-content\/uploads\/2023\/09\/2023Rokushi_mini.png\"><\/div>\r\n              <noscript>\r\n                <div class=\"vce-asset-background-simple-item\" style=\"background-image: url(https:\/\/jososabadell.cat\/wp-content\/uploads\/2023\/09\/2023Rokushi_mini.png)\"><\/div>\r\n              <\/noscript>\r\n            <\/div><\/div><\/div><\/div><div class=\"vce-asset-parallax-container vce-visible-sm-only\" data-vce-assets-parallax=\".vce-asset-parallax\" data-vce-assets-parallax-reverse=\"true\"><div class=\"vce-asset-parallax\" style=\"top: -30vh; bottom: -30vh;\"><div class=\"vce-asset-background-simple-container vce-visible-sm-only vce-asset-background-simple--style-cover vce-asset-background-simple--position-center-center\"><div class=\"vce-asset-background-simple\">\r\n              <div class=\"vce-asset-background-simple-item vcv-lozad\" data-background-image=\"https:\/\/jososabadell.cat\/wp-content\/uploads\/2023\/09\/2023Rokushi_mini.png\"><\/div>\r\n              <noscript>\r\n                <div class=\"vce-asset-background-simple-item\" style=\"background-image: url(https:\/\/jososabadell.cat\/wp-content\/uploads\/2023\/09\/2023Rokushi_mini.png)\"><\/div>\r\n              <\/noscript>\r\n            <\/div><\/div><\/div><\/div><div class=\"vce-asset-parallax-container vce-visible-xs-only\" data-vce-assets-parallax=\".vce-asset-parallax\" data-vce-assets-parallax-reverse=\"true\"><div class=\"vce-asset-parallax\" style=\"top: -30vh; bottom: -30vh;\"><div class=\"vce-asset-background-simple-container vce-visible-xs-only vce-asset-background-simple--style-cover vce-asset-background-simple--position-center-center\"><div class=\"vce-asset-background-simple\">\r\n              <div class=\"vce-asset-background-simple-item vcv-lozad\" data-background-image=\"https:\/\/jososabadell.cat\/wp-content\/uploads\/2023\/09\/2023Rokushi_mini.png\"><\/div>\r\n              <noscript>\r\n                <div class=\"vce-asset-background-simple-item\" style=\"background-image: url(https:\/\/jososabadell.cat\/wp-content\/uploads\/2023\/09\/2023Rokushi_mini.png)\"><\/div>\r\n              <\/noscript>\r\n            <\/div><\/div><\/div><\/div><\/div><div class=\"vce-col-content\" data-vce-element-content=\"true\" data-vce-do-apply=\"padding el-19aaafcf\"><div><\/div><\/div><\/div><\/div><div class=\"vce-col vce-col--md-auto vce-col--xs-1 vce-col--xs-last vce-col--xs-first vce-col--sm-last vce-col--sm-first vce-col--md-last vce-col--lg-last vce-col--xl-last\" id=\"el-548f5a3a\"><div class=\"vce-col-inner\" data-vce-do-apply=\"border margin background  el-548f5a3a\"><div class=\"vce-content-background-container\"><\/div><div class=\"vce-col-content\" data-vce-element-content=\"true\" data-vce-do-apply=\"padding el-548f5a3a\"><div class=\"vce-text-block\"><div class=\"vce-text-block-wrapper vce\" id=\"el-69f3aee4\" data-vce-do-apply=\"all el-69f3aee4\"><h1 style=\"text-align: center;\"><span style=\"color: #ffffff;\">\u00a1Hola!<\/span><\/h1><\/div><\/div><div class=\"vce vce-separator-with-icon-container vce-separator-with-icon--align-center\" id=\"el-403b0974\" data-vce-do-apply=\"margin el-403b0974\"><div class=\"vce-separator-with-icon vce-separator-with-icon--color-b-255-255-255 vce-separator-with-icon--width-100\" data-vce-do-apply=\"border padding background  el-403b0974\"><div class=\"vce-separator-with-icon--line vce-separator-with-icon--line--style-solid vce-separator-with-icon-line--thickness-1.1 vce-separator-with-icon--line-left\"><\/div><div class=\"vce-separator-with-icon--icon vce-icon vce-separator-with-icon--icon--style-shape-none vce-separator-with-icon--icon--style-size-small vce-separator-with-icon--icon--style-color-b-255-255-255 vce-separator-with-icon--icon--style-shape-color-3cb878\"><svg xmlns=\"https:\/\/www.w3.org\/2000\/svg\" viewbox=\"0 0 769 769\"><path stroke-width=\"40\" d=\"M565.755 696.27h-360l-180-311.77 180-311.77h360l180 311.77z\"><\/path><\/svg><span class=\"vce-icon-container fa fa-comment\"><\/span><\/div><div class=\"vce-separator-with-icon--line vce-separator-with-icon--line--style-solid vce-separator-with-icon-line--thickness-1.1 vce-separator-with-icon--line-right\"><\/div><\/div><\/div><div class=\"vce-text-block\"><div class=\"vce-text-block-wrapper vce\" id=\"el-a6f728d2\" data-vce-do-apply=\"all el-a6f728d2\"><p style=\"text-align: center;\" class=\"translation-block\"><span style=\"color: #ffffff\"><span style=\"font-size: 14pt\">La Escola Joso Sabadell es el <strong>centro de c\u00f3mic y artes visuales<\/strong> de referencia en el Vall\u00e8s Occidental. Desde hace 30 a\u00f1os ense\u00f1amos a <strong>dibujar, colorear, narrar, modelar, dise\u00f1ar, animar y mucho m\u00e1s!<\/strong> <\/span><span style=\"font-size: 14pt\">Por nuestras aulas han pasado multitud de alumnas y alumnos que actualmente son autoras y autores de renombre. Un buen pu\u00f1ado ahora son profesoras y profesores en el centro.<\/span><\/span><\/p><p style=\"text-align: center;\" class=\"translation-block\"><span style=\"font-size: 14pt;color: #ffffff\">Tanto si es por pura afici\u00f3n, como si quieres profesionalizarte, tengas la edad que tengas, <strong>\u00a1tenemos cursos a tu medida!<\/strong><\/span><\/p><\/div><\/div><div class=\"vce-button--style-basic-container vce-button--style-basic-container--align-center\"><span class=\"vce-button--style-basic-wrapper vce\" id=\"el-3894eb10\" data-vce-do-apply=\"margin el-3894eb10\"><a class=\"vce-button vce-button--style-basic vce-button--style-basic--border-rounded vce-button--style-basic--size-medium vce-button--style-basic--color-b-255-255-255--b-204-51-51\" href=\"http:\/\/jososabadell.cat\/es\/cursos\/\" title=\"Cursos\" data-vce-do-apply=\"padding border background  el-3894eb10\">Cursos<\/a><\/span><\/div><div class=\"vce vce-separator-container vce-separator--align-center vce-separator--style-solid\" id=\"el-7b52e651\" data-vce-do-apply=\"margin el-7b52e651\"><div class=\"vce-separator vce-separator--color-b-255-255-255 vce-separator--width-100 vce-separator--thickness-1.1\" data-vce-do-apply=\"border padding background  el-7b52e651\"><\/div><\/div><\/div><\/div><\/div><\/div><\/div><\/div><div class=\"vce-row-container\"><div class=\"vce-row vce-element--has-background vce-row--col-gap-30 vce-row-equal-height vce-row-content--top\" data-vce-full-width=\"true\" data-vce-stretch-content=\"true\" id=\"el-18734e38\" data-vce-do-apply=\"all el-18734e38\"><div class=\"vce-content-background-container\"><\/div><div class=\"vce-row-content\" data-vce-element-content=\"true\"><div class=\"vce-col vce-col--md-auto vce-col--xs-1 vce-col--xs-last vce-col--xs-first vce-col--sm-last vce-col--sm-first vce-col--md-last vce-col--lg-last vce-col--xl-last vce-col--md-first vce-col--lg-first vce-col--xl-first\" id=\"el-d680e575\"><div class=\"vce-col-inner\" data-vce-do-apply=\"border margin background  el-d680e575\"><div class=\"vce-col-content\" data-vce-element-content=\"true\" data-vce-do-apply=\"padding el-d680e575\"><div class=\"vce-text-block\"><div class=\"vce-text-block-wrapper vce\" id=\"el-7bfe2c50\" data-vce-do-apply=\"all el-7bfe2c50\"><ul class=\"wp-block-latest-posts__list is-grid columns-4 has-dates noticiesportada wp-block-latest-posts has-small-font-size\"><li><div class=\"wp-block-latest-posts__featured-image\"><a href=\"https:\/\/jososabadell.cat\/es\/2026\/03\/06\/concurs-de-comics-la-creu-alta-2026\/\" aria-label=\"Concurs de C\u00f2mics La Creu Alta 2026\"><img width=\"500\" height=\"226\" src=\"https:\/\/jososabadell.cat\/wp-content\/uploads\/2026\/03\/Concurs-de-Comics-La-Creu-Alta-2026-web-500x226.jpg\" class=\"attachment-medium size-medium wp-post-image\" alt=\"\" style=\"\" srcset=\"https:\/\/jososabadell.cat\/wp-content\/uploads\/2026\/03\/Concurs-de-Comics-La-Creu-Alta-2026-web-500x226.jpg 500w, https:\/\/jososabadell.cat\/wp-content\/uploads\/2026\/03\/Concurs-de-Comics-La-Creu-Alta-2026-web-1024x463.jpg 1024w, https:\/\/jososabadell.cat\/wp-content\/uploads\/2026\/03\/Concurs-de-Comics-La-Creu-Alta-2026-web-768x347.jpg 768w, https:\/\/jososabadell.cat\/wp-content\/uploads\/2026\/03\/Concurs-de-Comics-La-Creu-Alta-2026-web-1536x695.jpg 1536w, https:\/\/jososabadell.cat\/wp-content\/uploads\/2026\/03\/Concurs-de-Comics-La-Creu-Alta-2026-web-18x8.jpg 18w, https:\/\/jososabadell.cat\/wp-content\/uploads\/2026\/03\/Concurs-de-Comics-La-Creu-Alta-2026-web-320x145.jpg 320w, https:\/\/jososabadell.cat\/wp-content\/uploads\/2026\/03\/Concurs-de-Comics-La-Creu-Alta-2026-web-480x217.jpg 480w, https:\/\/jososabadell.cat\/wp-content\/uploads\/2026\/03\/Concurs-de-Comics-La-Creu-Alta-2026-web-800x362.jpg 800w, https:\/\/jososabadell.cat\/wp-content\/uploads\/2026\/03\/Concurs-de-Comics-La-Creu-Alta-2026-web-870x394.jpg 870w, https:\/\/jososabadell.cat\/wp-content\/uploads\/2026\/03\/Concurs-de-Comics-La-Creu-Alta-2026-web.jpg 1636w\" sizes=\"(max-width: 500px) 100vw, 500px\" \/><\/a><\/div><a class=\"wp-block-latest-posts__post-title\" href=\"https:\/\/jososabadell.cat\/es\/2026\/03\/06\/concurs-de-comics-la-creu-alta-2026\/\">Concurs de C\u00f2mics La Creu Alta 2026<\/a><time datetime=\"2026-03-06T11:46:53+02:00\" class=\"wp-block-latest-posts__post-date\">6 de marzo de 2026<\/time><div class=\"wp-block-latest-posts__post-excerpt\">L\u2019Associaci\u00f3 Ve\u00efnal de La Creu Alta (AVLCA) convoca els amants de les vinyetes a narrar hist\u00f2ries que transcorren total o... <a class=\"wp-block-latest-posts__read-more\" href=\"https:\/\/jososabadell.cat\/es\/2026\/03\/06\/concurs-de-comics-la-creu-alta-2026\/\" rel=\"noopener noreferrer\">Lee m\u00e1s<span class=\"screen-reader-text\">: Concurs de C\u00f2mics La Creu Alta 2026<\/span><\/a><\/div><\/li>\n<li><div class=\"wp-block-latest-posts__featured-image\"><a href=\"https:\/\/jososabadell.cat\/es\/2025\/12\/23\/eva-garcia-illustra-la-postal-de-lisabadell\/\" aria-label=\"Eva Garcia il\u00b7lustra la postal de l&#8217;iSabadell\"><img width=\"500\" height=\"226\" src=\"https:\/\/jososabadell.cat\/wp-content\/uploads\/2025\/12\/Postal-de-Nadal-Escola-Joso-Sabadell-i-iSabadell-2025-web-500x226.jpg\" class=\"attachment-medium size-medium wp-post-image\" alt=\"\" style=\"\" srcset=\"https:\/\/jososabadell.cat\/wp-content\/uploads\/2025\/12\/Postal-de-Nadal-Escola-Joso-Sabadell-i-iSabadell-2025-web-500x226.jpg 500w, https:\/\/jososabadell.cat\/wp-content\/uploads\/2025\/12\/Postal-de-Nadal-Escola-Joso-Sabadell-i-iSabadell-2025-web-1024x463.jpg 1024w, https:\/\/jososabadell.cat\/wp-content\/uploads\/2025\/12\/Postal-de-Nadal-Escola-Joso-Sabadell-i-iSabadell-2025-web-768x347.jpg 768w, https:\/\/jososabadell.cat\/wp-content\/uploads\/2025\/12\/Postal-de-Nadal-Escola-Joso-Sabadell-i-iSabadell-2025-web-1536x695.jpg 1536w, https:\/\/jososabadell.cat\/wp-content\/uploads\/2025\/12\/Postal-de-Nadal-Escola-Joso-Sabadell-i-iSabadell-2025-web-18x8.jpg 18w, https:\/\/jososabadell.cat\/wp-content\/uploads\/2025\/12\/Postal-de-Nadal-Escola-Joso-Sabadell-i-iSabadell-2025-web-320x145.jpg 320w, https:\/\/jososabadell.cat\/wp-content\/uploads\/2025\/12\/Postal-de-Nadal-Escola-Joso-Sabadell-i-iSabadell-2025-web-480x217.jpg 480w, https:\/\/jososabadell.cat\/wp-content\/uploads\/2025\/12\/Postal-de-Nadal-Escola-Joso-Sabadell-i-iSabadell-2025-web-800x362.jpg 800w, https:\/\/jososabadell.cat\/wp-content\/uploads\/2025\/12\/Postal-de-Nadal-Escola-Joso-Sabadell-i-iSabadell-2025-web-870x394.jpg 870w, https:\/\/jososabadell.cat\/wp-content\/uploads\/2025\/12\/Postal-de-Nadal-Escola-Joso-Sabadell-i-iSabadell-2025-web.jpg 1636w\" sizes=\"(max-width: 500px) 100vw, 500px\" \/><\/a><\/div><a class=\"wp-block-latest-posts__post-title\" href=\"https:\/\/jososabadell.cat\/es\/2025\/12\/23\/eva-garcia-illustra-la-postal-de-lisabadell\/\">Eva Garcia il\u00b7lustra la postal de l&#8217;iSabadell<\/a><time datetime=\"2025-12-23T21:24:34+02:00\" class=\"wp-block-latest-posts__post-date\">23 de diciembre de 2025<\/time><div class=\"wp-block-latest-posts__post-excerpt\">La proposta d\u2019Eva Garc\u00eda, estudiant de 2n d\u2019Art Gr\u00e0fic, ha estat la guanyadora del concurs d\u2019il\u00b7lustraci\u00f3 nadalenca del diari digital... <a class=\"wp-block-latest-posts__read-more\" href=\"https:\/\/jososabadell.cat\/es\/2025\/12\/23\/eva-garcia-illustra-la-postal-de-lisabadell\/\" rel=\"noopener noreferrer\">Lee m\u00e1s<span class=\"screen-reader-text\">: Eva Garcia il\u00b7lustra la postal de l&#8217;iSabadell<\/span><\/a><\/div><\/li>\n<li><div class=\"wp-block-latest-posts__featured-image\"><a href=\"https:\/\/jososabadell.cat\/es\/2025\/12\/10\/curs-nadalenc-caracartro\/\" aria-label=\"Curs nadalenc! CARACARTR\u00d3\"><img width=\"500\" height=\"226\" src=\"https:\/\/jososabadell.cat\/wp-content\/uploads\/2025\/12\/Curs-caracartro-Escola-Joso-Sabadell-web-500x226.jpg\" class=\"attachment-medium size-medium wp-post-image\" alt=\"\" style=\"\" srcset=\"https:\/\/jososabadell.cat\/wp-content\/uploads\/2025\/12\/Curs-caracartro-Escola-Joso-Sabadell-web-500x226.jpg 500w, https:\/\/jososabadell.cat\/wp-content\/uploads\/2025\/12\/Curs-caracartro-Escola-Joso-Sabadell-web-1024x463.jpg 1024w, https:\/\/jososabadell.cat\/wp-content\/uploads\/2025\/12\/Curs-caracartro-Escola-Joso-Sabadell-web-768x347.jpg 768w, https:\/\/jososabadell.cat\/wp-content\/uploads\/2025\/12\/Curs-caracartro-Escola-Joso-Sabadell-web-1536x695.jpg 1536w, https:\/\/jososabadell.cat\/wp-content\/uploads\/2025\/12\/Curs-caracartro-Escola-Joso-Sabadell-web-18x8.jpg 18w, https:\/\/jososabadell.cat\/wp-content\/uploads\/2025\/12\/Curs-caracartro-Escola-Joso-Sabadell-web-320x145.jpg 320w, https:\/\/jososabadell.cat\/wp-content\/uploads\/2025\/12\/Curs-caracartro-Escola-Joso-Sabadell-web-480x217.jpg 480w, https:\/\/jososabadell.cat\/wp-content\/uploads\/2025\/12\/Curs-caracartro-Escola-Joso-Sabadell-web-800x362.jpg 800w, https:\/\/jososabadell.cat\/wp-content\/uploads\/2025\/12\/Curs-caracartro-Escola-Joso-Sabadell-web-870x394.jpg 870w, https:\/\/jososabadell.cat\/wp-content\/uploads\/2025\/12\/Curs-caracartro-Escola-Joso-Sabadell-web.jpg 1636w\" sizes=\"(max-width: 500px) 100vw, 500px\" \/><\/a><\/div><a class=\"wp-block-latest-posts__post-title\" href=\"https:\/\/jososabadell.cat\/es\/2025\/12\/10\/curs-nadalenc-caracartro\/\">Curs nadalenc! CARACARTR\u00d3<\/a><time datetime=\"2025-12-10T07:28:49+02:00\" class=\"wp-block-latest-posts__post-date\">10 de diciembre de 2025<\/time><div class=\"wp-block-latest-posts__post-excerpt\">Estrenem un nou curs nadalenc: fes el teu propi caracartr\u00f3. Aquestes festes de Nadal l&#8217;Escola Joso no tancar\u00e0 del tot... <a class=\"wp-block-latest-posts__read-more\" href=\"https:\/\/jososabadell.cat\/es\/2025\/12\/10\/curs-nadalenc-caracartro\/\" rel=\"noopener noreferrer\">Lee m\u00e1s<span class=\"screen-reader-text\">: Curs nadalenc! CARACARTR\u00d3<\/span><\/a><\/div><\/li>\n<li><div class=\"wp-block-latest-posts__featured-image\"><a href=\"https:\/\/jososabadell.cat\/es\/2025\/10\/04\/lamentem-profundament-el-traspas-de-mai-egurza\/\" aria-label=\"Lamentem profundament el trasp\u00e0s de Mai Egurza\"><img width=\"500\" height=\"226\" src=\"https:\/\/jososabadell.cat\/wp-content\/uploads\/2025\/10\/Mai-Egurza-web-500x226.jpg\" class=\"attachment-medium size-medium wp-post-image\" alt=\"\" style=\"\" srcset=\"https:\/\/jososabadell.cat\/wp-content\/uploads\/2025\/10\/Mai-Egurza-web-500x226.jpg 500w, https:\/\/jososabadell.cat\/wp-content\/uploads\/2025\/10\/Mai-Egurza-web-768x347.jpg 768w, https:\/\/jososabadell.cat\/wp-content\/uploads\/2025\/10\/Mai-Egurza-web-18x8.jpg 18w, https:\/\/jososabadell.cat\/wp-content\/uploads\/2025\/10\/Mai-Egurza-web-320x145.jpg 320w, https:\/\/jososabadell.cat\/wp-content\/uploads\/2025\/10\/Mai-Egurza-web-480x217.jpg 480w, https:\/\/jososabadell.cat\/wp-content\/uploads\/2025\/10\/Mai-Egurza-web-800x362.jpg 800w, https:\/\/jososabadell.cat\/wp-content\/uploads\/2025\/10\/Mai-Egurza-web.jpg 818w\" sizes=\"(max-width: 500px) 100vw, 500px\" \/><\/a><\/div><a class=\"wp-block-latest-posts__post-title\" href=\"https:\/\/jososabadell.cat\/es\/2025\/10\/04\/lamentem-profundament-el-traspas-de-mai-egurza\/\">Lamentem profundament el trasp\u00e0s de Mai Egurza<\/a><time datetime=\"2025-10-04T19:22:24+02:00\" class=\"wp-block-latest-posts__post-date\">4 de octubre de 2025<\/time><div class=\"wp-block-latest-posts__post-excerpt\">Avui ens arriba la tr\u00e0gica not\u00edcia del trasp\u00e0s de la Mai Egurza, professora de Creaci\u00f3 Digital al curs d\u2019Art Gr\u00e0fic... <a class=\"wp-block-latest-posts__read-more\" href=\"https:\/\/jososabadell.cat\/es\/2025\/10\/04\/lamentem-profundament-el-traspas-de-mai-egurza\/\" rel=\"noopener noreferrer\">Lee m\u00e1s<span class=\"screen-reader-text\">: Lamentem profundament el trasp\u00e0s de Mai Egurza<\/span><\/a><\/div><\/li>\n<li><div class=\"wp-block-latest-posts__featured-image\"><a href=\"https:\/\/jososabadell.cat\/es\/2025\/09\/17\/participem-a-la-43a-hispacon\/\" aria-label=\"Participem a la 43a Hispacon\"><img width=\"500\" height=\"226\" src=\"https:\/\/jososabadell.cat\/wp-content\/uploads\/2025\/09\/HispaCon-2025-noti-web-500x226.jpg\" class=\"attachment-medium size-medium wp-post-image\" alt=\"\" style=\"\" srcset=\"https:\/\/jososabadell.cat\/wp-content\/uploads\/2025\/09\/HispaCon-2025-noti-web-500x226.jpg 500w, https:\/\/jososabadell.cat\/wp-content\/uploads\/2025\/09\/HispaCon-2025-noti-web-1024x463.jpg 1024w, https:\/\/jososabadell.cat\/wp-content\/uploads\/2025\/09\/HispaCon-2025-noti-web-768x347.jpg 768w, https:\/\/jososabadell.cat\/wp-content\/uploads\/2025\/09\/HispaCon-2025-noti-web-1536x695.jpg 1536w, https:\/\/jososabadell.cat\/wp-content\/uploads\/2025\/09\/HispaCon-2025-noti-web-18x8.jpg 18w, https:\/\/jososabadell.cat\/wp-content\/uploads\/2025\/09\/HispaCon-2025-noti-web-320x145.jpg 320w, https:\/\/jososabadell.cat\/wp-content\/uploads\/2025\/09\/HispaCon-2025-noti-web-480x217.jpg 480w, https:\/\/jososabadell.cat\/wp-content\/uploads\/2025\/09\/HispaCon-2025-noti-web-800x362.jpg 800w, https:\/\/jososabadell.cat\/wp-content\/uploads\/2025\/09\/HispaCon-2025-noti-web-870x394.jpg 870w, https:\/\/jososabadell.cat\/wp-content\/uploads\/2025\/09\/HispaCon-2025-noti-web.jpg 1636w\" sizes=\"(max-width: 500px) 100vw, 500px\" \/><\/a><\/div><a class=\"wp-block-latest-posts__post-title\" href=\"https:\/\/jososabadell.cat\/es\/2025\/09\/17\/participem-a-la-43a-hispacon\/\">Participem a la 43a Hispacon<\/a><time datetime=\"2025-09-17T11:18:43+02:00\" class=\"wp-block-latest-posts__post-date\">17 de septiembre de 2025<\/time><div class=\"wp-block-latest-posts__post-excerpt\">Del 19 al 21 de setembre, Sabadell es converteix en capital de la fantasia, la ci\u00e8ncia-ficci\u00f3 i el terror amb... <a class=\"wp-block-latest-posts__read-more\" href=\"https:\/\/jososabadell.cat\/es\/2025\/09\/17\/participem-a-la-43a-hispacon\/\" rel=\"noopener noreferrer\">Lee m\u00e1s<span class=\"screen-reader-text\">: Participem a la 43a Hispacon<\/span><\/a><\/div><\/li>\n<li><div class=\"wp-block-latest-posts__featured-image\"><a href=\"https:\/\/jososabadell.cat\/es\/2025\/09\/05\/la-joso-sabadell-a-la-fancon-2025\/\" aria-label=\"La Joso Sabadell a la FanCon 2025\"><img width=\"500\" height=\"226\" src=\"https:\/\/jososabadell.cat\/wp-content\/uploads\/2025\/09\/FanCon-2025-web-500x226.jpg\" class=\"attachment-medium size-medium wp-post-image\" alt=\"\" style=\"\" srcset=\"https:\/\/jososabadell.cat\/wp-content\/uploads\/2025\/09\/FanCon-2025-web-500x226.jpg 500w, https:\/\/jososabadell.cat\/wp-content\/uploads\/2025\/09\/FanCon-2025-web-768x347.jpg 768w, https:\/\/jososabadell.cat\/wp-content\/uploads\/2025\/09\/FanCon-2025-web-18x8.jpg 18w, https:\/\/jososabadell.cat\/wp-content\/uploads\/2025\/09\/FanCon-2025-web-320x145.jpg 320w, https:\/\/jososabadell.cat\/wp-content\/uploads\/2025\/09\/FanCon-2025-web-480x217.jpg 480w, https:\/\/jososabadell.cat\/wp-content\/uploads\/2025\/09\/FanCon-2025-web-800x362.jpg 800w, https:\/\/jososabadell.cat\/wp-content\/uploads\/2025\/09\/FanCon-2025-web.jpg 818w\" sizes=\"(max-width: 500px) 100vw, 500px\" \/><\/a><\/div><a class=\"wp-block-latest-posts__post-title\" href=\"https:\/\/jososabadell.cat\/es\/2025\/09\/05\/la-joso-sabadell-a-la-fancon-2025\/\">La Joso Sabadell a la FanCon 2025<\/a><time datetime=\"2025-09-05T12:17:48+02:00\" class=\"wp-block-latest-posts__post-date\">5 de septiembre de 2025<\/time><div class=\"wp-block-latest-posts__post-excerpt\">Aquest cap de setmana torna la FanCon a Palau-Solit\u00e0 i Plegamans, la trobada friki m\u00e9s aut\u00e8ntica del Vall\u00e8s!\u00a0 Per si... <a class=\"wp-block-latest-posts__read-more\" href=\"https:\/\/jososabadell.cat\/es\/2025\/09\/05\/la-joso-sabadell-a-la-fancon-2025\/\" rel=\"noopener noreferrer\">Lee m\u00e1s<span class=\"screen-reader-text\">: La Joso Sabadell a la FanCon 2025<\/span><\/a><\/div><\/li>\n<li><div class=\"wp-block-latest-posts__featured-image\"><a href=\"https:\/\/jososabadell.cat\/es\/2025\/05\/16\/visita-a-norma-editorial\/\" aria-label=\"Visita a Norma Editorial\"><img width=\"500\" height=\"226\" src=\"https:\/\/jososabadell.cat\/wp-content\/uploads\/2025\/05\/250509-Visita-a-Norma-Comics-web-500x226.jpg\" class=\"attachment-medium size-medium wp-post-image\" alt=\"\" style=\"\" srcset=\"https:\/\/jososabadell.cat\/wp-content\/uploads\/2025\/05\/250509-Visita-a-Norma-Comics-web-500x226.jpg 500w, https:\/\/jososabadell.cat\/wp-content\/uploads\/2025\/05\/250509-Visita-a-Norma-Comics-web-1024x463.jpg 1024w, https:\/\/jososabadell.cat\/wp-content\/uploads\/2025\/05\/250509-Visita-a-Norma-Comics-web-768x347.jpg 768w, https:\/\/jososabadell.cat\/wp-content\/uploads\/2025\/05\/250509-Visita-a-Norma-Comics-web-1536x695.jpg 1536w, https:\/\/jososabadell.cat\/wp-content\/uploads\/2025\/05\/250509-Visita-a-Norma-Comics-web-18x8.jpg 18w, https:\/\/jososabadell.cat\/wp-content\/uploads\/2025\/05\/250509-Visita-a-Norma-Comics-web-320x145.jpg 320w, https:\/\/jososabadell.cat\/wp-content\/uploads\/2025\/05\/250509-Visita-a-Norma-Comics-web-480x217.jpg 480w, https:\/\/jososabadell.cat\/wp-content\/uploads\/2025\/05\/250509-Visita-a-Norma-Comics-web-800x362.jpg 800w, https:\/\/jososabadell.cat\/wp-content\/uploads\/2025\/05\/250509-Visita-a-Norma-Comics-web-870x394.jpg 870w, https:\/\/jososabadell.cat\/wp-content\/uploads\/2025\/05\/250509-Visita-a-Norma-Comics-web.jpg 1636w\" sizes=\"(max-width: 500px) 100vw, 500px\" \/><\/a><\/div><a class=\"wp-block-latest-posts__post-title\" href=\"https:\/\/jososabadell.cat\/es\/2025\/05\/16\/visita-a-norma-editorial\/\">Visita a Norma Editorial<\/a><time datetime=\"2025-05-16T09:30:07+02:00\" class=\"wp-block-latest-posts__post-date\">16 de mayo de 2025<\/time><div class=\"wp-block-latest-posts__post-excerpt\">El passat divendres, un grup d&#8217;alumnes va tenir l&#8217;oportunitat de visitar Norma Editorial. Aquesta trobada, organitzada pel nostre professor Oriol... <a class=\"wp-block-latest-posts__read-more\" href=\"https:\/\/jososabadell.cat\/es\/2025\/05\/16\/visita-a-norma-editorial\/\" rel=\"noopener noreferrer\">Lee m\u00e1s<span class=\"screen-reader-text\">: Visita a Norma Editorial<\/span><\/a><\/div><\/li>\n<li><div class=\"wp-block-latest-posts__featured-image\"><a href=\"https:\/\/jososabadell.cat\/es\/2025\/05\/06\/fotos-sakura-matsuri-2025\/\" aria-label=\"FOTOS: Sakura Matsuri 2025\"><img width=\"500\" height=\"226\" src=\"https:\/\/jososabadell.cat\/wp-content\/uploads\/2025\/05\/Escola-Joso-Sabadell-stand-a-Sakura-Matsuri-Sabadell-web-500x226.jpg\" class=\"attachment-medium size-medium wp-post-image\" alt=\"\" style=\"\" srcset=\"https:\/\/jososabadell.cat\/wp-content\/uploads\/2025\/05\/Escola-Joso-Sabadell-stand-a-Sakura-Matsuri-Sabadell-web-500x226.jpg 500w, https:\/\/jososabadell.cat\/wp-content\/uploads\/2025\/05\/Escola-Joso-Sabadell-stand-a-Sakura-Matsuri-Sabadell-web-1024x463.jpg 1024w, https:\/\/jososabadell.cat\/wp-content\/uploads\/2025\/05\/Escola-Joso-Sabadell-stand-a-Sakura-Matsuri-Sabadell-web-768x347.jpg 768w, https:\/\/jososabadell.cat\/wp-content\/uploads\/2025\/05\/Escola-Joso-Sabadell-stand-a-Sakura-Matsuri-Sabadell-web-1536x695.jpg 1536w, https:\/\/jososabadell.cat\/wp-content\/uploads\/2025\/05\/Escola-Joso-Sabadell-stand-a-Sakura-Matsuri-Sabadell-web-18x8.jpg 18w, https:\/\/jososabadell.cat\/wp-content\/uploads\/2025\/05\/Escola-Joso-Sabadell-stand-a-Sakura-Matsuri-Sabadell-web-320x145.jpg 320w, https:\/\/jososabadell.cat\/wp-content\/uploads\/2025\/05\/Escola-Joso-Sabadell-stand-a-Sakura-Matsuri-Sabadell-web-480x217.jpg 480w, https:\/\/jososabadell.cat\/wp-content\/uploads\/2025\/05\/Escola-Joso-Sabadell-stand-a-Sakura-Matsuri-Sabadell-web-800x362.jpg 800w, https:\/\/jososabadell.cat\/wp-content\/uploads\/2025\/05\/Escola-Joso-Sabadell-stand-a-Sakura-Matsuri-Sabadell-web-870x394.jpg 870w, https:\/\/jososabadell.cat\/wp-content\/uploads\/2025\/05\/Escola-Joso-Sabadell-stand-a-Sakura-Matsuri-Sabadell-web.jpg 1636w\" sizes=\"(max-width: 500px) 100vw, 500px\" \/><\/a><\/div><a class=\"wp-block-latest-posts__post-title\" href=\"https:\/\/jososabadell.cat\/es\/2025\/05\/06\/fotos-sakura-matsuri-2025\/\">FOTOS: Sakura Matsuri 2025<\/a><time datetime=\"2025-05-06T06:05:55+02:00\" class=\"wp-block-latest-posts__post-date\">6 de mayo de 2025<\/time><div class=\"wp-block-latest-posts__post-excerpt\">Quarta Fira Sakura Matsuri, un esdeveniment de ciutat que creix any rera any i que ja ha esdevingut cabdal en... <a class=\"wp-block-latest-posts__read-more\" href=\"https:\/\/jososabadell.cat\/es\/2025\/05\/06\/fotos-sakura-matsuri-2025\/\" rel=\"noopener noreferrer\">Lee m\u00e1s<span class=\"screen-reader-text\">: FOTOS: Sakura Matsuri 2025<\/span><\/a><\/div><\/li>\n<\/ul><\/div><\/div><\/div><\/div><\/div><\/div><\/div><\/div><div class=\"vce-row-container\"><div class=\"vce-row vce-row--has-col-background vce-element--has-background vce-row--col-gap-30 vce-row-equal-height vce-row-content--top\" data-vce-full-width=\"true\" data-vce-stretch-content=\"true\" id=\"el-7111169e\" data-vce-do-apply=\"all el-7111169e\"><div class=\"vce-content-background-container\"><\/div><div class=\"vce-row-content\" data-vce-element-content=\"true\"><div class=\"vce-col vce-element--xl--has-background vce-element--lg--has-background vce-element--md--has-background vce-element--sm--has-background vce-element--xs--has-background vce-col--md-auto vce-col--xs-1 vce-col--xs-last vce-col--xs-first vce-col--sm-last vce-col--sm-first vce-col--md-first vce-col--lg-first vce-col--xl-first\" id=\"el-55c73974\"><div class=\"vce-col-inner\" data-vce-do-apply=\"border margin background  el-55c73974\"><div class=\"vce-content-background-container\"><\/div><div class=\"vce-col-content\" data-vce-element-content=\"true\" data-vce-do-apply=\"padding el-55c73974\"><div class=\"vce-text-block\"><div class=\"vce-text-block-wrapper vce\" id=\"el-45735d1a\" data-vce-do-apply=\"all el-45735d1a\"><h1>\u00bfQuieres m\u00e1s informaci\u00f3n?<\/h1><\/div><\/div><div class=\"vce-text-block\"><div class=\"vce-text-block-wrapper vce\" id=\"el-618a8d7b\" data-vce-do-apply=\"all el-618a8d7b\"><h3>\n<div class=\"wpcf7 no-js\" id=\"wpcf7-f4-o1\" lang=\"ca\" dir=\"ltr\">\n<div class=\"screen-reader-response\"><p role=\"status\" aria-live=\"polite\" aria-atomic=\"true\"><\/p> <ul><\/ul><\/div>\n<form action=\"\/es\/wp-json\/wp\/v2\/pages\/23#wpcf7-f4-o1\" method=\"post\" class=\"wpcf7-form init\" aria-label=\"Formulari de contacte\" novalidate=\"novalidate\" data-status=\"init\" data-trp-original-action=\"\/es\/wp-json\/wp\/v2\/pages\/23#wpcf7-f4-o1\">\n<div style=\"display: none;\">\n<input type=\"hidden\" name=\"_wpcf7\" value=\"4\" \/>\n<input type=\"hidden\" name=\"_wpcf7_version\" value=\"5.9.8\" \/>\n<input type=\"hidden\" name=\"_wpcf7_locale\" value=\"ca\" \/>\n<input type=\"hidden\" name=\"_wpcf7_unit_tag\" value=\"wpcf7-f4-o1\" \/>\n<input type=\"hidden\" name=\"_wpcf7_container_post\" value=\"0\" \/>\n<input type=\"hidden\" name=\"_wpcf7_posted_data_hash\" value=\"\" \/>\n<input type=\"hidden\" name=\"_wpcf7_recaptcha_response\" value=\"\" \/>\n<\/div>\n<p><label> Tu nombre<br \/>\n<span class=\"wpcf7-form-control-wrap\" data-name=\"your-name\"><input size=\"40\" maxlength=\"400\" class=\"wpcf7-form-control wpcf7-text wpcf7-validates-as-required\" aria-required=\"true\" aria-invalid=\"false\" value=\"\" type=\"text\" name=\"your-name\" \/><\/span> <\/label>\n<\/p>\n<p><label> Tu correo electr\u00f3nico*<br \/>\n<span class=\"wpcf7-form-control-wrap\" data-name=\"your-email\"><input size=\"40\" maxlength=\"400\" class=\"wpcf7-form-control wpcf7-email wpcf7-validates-as-required wpcf7-text wpcf7-validates-as-email\" aria-required=\"true\" aria-invalid=\"false\" value=\"\" type=\"email\" name=\"your-email\" \/><\/span> <\/label>\n<\/p>\n<p><label> Asunto<br \/>\n<span class=\"wpcf7-form-control-wrap\" data-name=\"your-subject\"><input size=\"40\" maxlength=\"400\" class=\"wpcf7-form-control wpcf7-text\" aria-invalid=\"false\" value=\"\" type=\"text\" name=\"your-subject\" \/><\/span> <\/label>\n<\/p>\n<p><label> Informaci\u00f3n sobre un curso \/ Otros?<br \/>\n<span class=\"wpcf7-form-control-wrap\" data-name=\"menu-cursos\"><select class=\"wpcf7-form-control wpcf7-select\" aria-invalid=\"false\" name=\"menu-cursos\"><option value=\"\">&#8212;Trieu una opci\u00f3&#8212;<\/option><option value=\"Art Gr\u00e0fic\">Art Gr\u00e0fic<\/option><option value=\"Visual development\">Visual development<\/option><option value=\"C\u00f2mic - Manga\">C\u00f2mic - Manga<\/option><option value=\"C\u00f2mic - Manga infantil\">C\u00f2mic - Manga infantil<\/option><option value=\"Cursos intensius\">Cursos intensius<\/option><option value=\"Workshops d&#039;estiu\">Workshops d&#039;estiu<\/option><option value=\"Altres\">Altres<\/option><\/select><\/span> <\/label>\n<\/p>\n<p><label> Tu mensaje<br \/>\n<span class=\"wpcf7-form-control-wrap\" data-name=\"your-message\"><textarea cols=\"40\" rows=\"10\" maxlength=\"2000\" class=\"wpcf7-form-control wpcf7-textarea\" aria-invalid=\"false\" name=\"your-message\"><\/textarea><\/span> <\/label>\n<\/p>\n\n<p><span class=\"wpcf7-form-control-wrap\" data-name=\"acceptance-622\"><span class=\"wpcf7-form-control wpcf7-acceptance\"><span class=\"wpcf7-list-item\"><input type=\"checkbox\" name=\"acceptance-622\" value=\"1\" aria-invalid=\"false\" \/><\/span><\/span><\/span> Acepto la <a href=\"http:\/\/jososabadell.cat\/es\/politica-de-privadesa\/\">pol\u00edtica de privacidad<\/a> de Escola Joso Sabadell<br \/>\n<label><br \/>\n<\/label>\n<\/p>\n<ol style=\"font-size:65%; font-weight:500;\">\n\t<li style=\"margin-top: -2em;\">\n\t\t<p>Responsable de los datos: Grafic\u00f2mic S.L.\n\t\t<\/p>\n\t<\/li>\n\t<li style=\"margin-top: -2em;\">\n\t\t<p>Finalidad de los datos: Env\u00edo de comunicaciones del centro con finalidad informativa y\/o comercial.\n\t\t<\/p>\n\t<\/li>\n\t<li style=\"margin-top: -2em;\">\n\t\t<p>Almacenamiento de los datos: Base de datos alojada en <a href=\"https:\/\/www.ovh.es\/\">OVH HISPANO S.L.U.<\/a>\n\t\t<\/p>\n\t<\/li>\n\t<li style=\"margin-top: -2em;\">\n\t\t<p>Derechos: En cualquier momento puedes limitar, recuperar y borrar tu informaci\u00f3n enviando <a href=\"mailto:info@jososabadell.cat\">un correo electr\u00f3nico a nuestra escuela<\/a>.\n\t\t<\/p>\n\t<\/li>\n<\/ol>\n<p><input class=\"wpcf7-form-control wpcf7-submit has-spinner\" type=\"submit\" value=\"Enviar\" \/>\n<\/p><div class=\"wpcf7-response-output\" aria-hidden=\"true\"><\/div>\n<input type=\"hidden\" name=\"trp-form-language\" value=\"es\"\/><\/form>\n<\/div>\n<\/h3><\/div><\/div><\/div><\/div><\/div><div class=\"vce-col vce-element--has-background vce-col--md-auto vce-col--xs-1 vce-col--xs-last vce-col--xs-first vce-col--sm-last vce-col--sm-first vce-col--md-last vce-col--lg-last vce-col--xl-last\" id=\"el-70ca1268\"><div class=\"vce-col-inner\" data-vce-do-apply=\"border margin background  el-70ca1268\" data-vce-animate=\"vce-o-animate--None\"><div class=\"vce-content-background-container\"><div class=\"vce-asset-parallax-container vce-visible-all-only\" data-vce-assets-parallax=\".vce-asset-parallax\" data-vce-assets-parallax-fade=\"true\" data-vce-assets-parallax-reverse=\"true\"><div class=\"vce-asset-parallax\" style=\"top: -30vh; bottom: -30vh; transform: translateY(14.0723vh);\"><div class=\"vce-asset-background-simple-container vce-visible-all-only vce-asset-background-simple--style-contain vce-asset-background-simple--position-center-center\"><div class=\"vce-asset-background-simple\">\r\n              <div class=\"vce-asset-background-simple-item vcv-lozad\" data-background-image=\"https:\/\/jososabadell.cat\/wp-content\/uploads\/2023\/09\/2018MarcReyes_mini.png\"><\/div>\r\n              <noscript>\r\n                <div class=\"vce-asset-background-simple-item\" style=\"background-image: url(https:\/\/jososabadell.cat\/wp-content\/uploads\/2023\/09\/2018MarcReyes_mini.png)\"><\/div>\r\n              <\/noscript>\r\n            <\/div><\/div><\/div><\/div><\/div><div class=\"vce-col-content\" data-vce-element-content=\"true\" data-vce-do-apply=\"padding el-70ca1268\"><div><\/div><\/div><\/div><\/div><\/div><\/div><\/div>","protected":false},"excerpt":{"rendered":"<p>Hola!L\u2019Escola Joso Sabadell \u00e9s el centre de c\u00f2mic i arts visuals de refer\u00e8ncia al Vall\u00e8s Occidental. Des de fa 30 anys ensenyem a dibuixar, colorejar, narrar, modelar, dissenyar, animar i molt m\u00e9s! Per les nostres aules han passat multitud d&#8217;alumnes que actualment s\u00f3n autores i autors de renom. Un bon grapat ara s\u00f3n professores i [&hellip;]<\/p>\n","protected":false},"author":1,"featured_media":0,"parent":0,"menu_order":0,"comment_status":"closed","ping_status":"closed","template":"","meta":{"_monsterinsights_skip_tracking":false,"_monsterinsights_sitenote_active":false,"_monsterinsights_sitenote_note":"","_monsterinsights_sitenote_category":0,"footnotes":""},"class_list":["post-23","page","type-page","status-publish","hentry"],"yoast_head":"<!-- This site is optimized with the Yoast SEO plugin v25.6 - https:\/\/yoast.com\/wordpress\/plugins\/seo\/ -->\n<title>Inici - Escola Joso Sabadell<\/title>\n<meta name=\"robots\" content=\"index, follow, max-snippet:-1, max-image-preview:large, max-video-preview:-1\" \/>\n<link rel=\"canonical\" href=\"https:\/\/jososabadell.cat\/es\/\" \/>\n<meta property=\"og:locale\" content=\"es_ES\" \/>\n<meta property=\"og:type\" content=\"article\" \/>\n<meta property=\"og:title\" content=\"Inici - Escola Joso Sabadell\" \/>\n<meta property=\"og:description\" content=\"Hola!L\u2019Escola Joso Sabadell \u00e9s el centre de c\u00f2mic i arts visuals de refer\u00e8ncia al Vall\u00e8s Occidental. Des de fa 30 anys ensenyem a dibuixar, colorejar, narrar, modelar, dissenyar, animar i molt m\u00e9s! Per les nostres aules han passat multitud d&#039;alumnes que actualment s\u00f3n autores i autors de renom. Un bon grapat ara s\u00f3n professores i [&hellip;]\" \/>\n<meta property=\"og:url\" content=\"https:\/\/jososabadell.cat\/es\/\" \/>\n<meta property=\"og:site_name\" content=\"Escola Joso Sabadell\" \/>\n<meta property=\"article:publisher\" content=\"https:\/\/www.facebook.com\/escolajososabadell\/\" \/>\n<meta property=\"article:modified_time\" content=\"2025-03-09T21:29:34+00:00\" \/>\n<meta name=\"twitter:card\" content=\"summary_large_image\" \/>\n<meta name=\"twitter:site\" content=\"@EscolaJosoSbd\" \/>\n<meta name=\"twitter:label1\" content=\"Tiempo de lectura\" \/>\n\t<meta name=\"twitter:data1\" content=\"1 minuto\" \/>\n<script type=\"application\/ld+json\" class=\"yoast-schema-graph\">{\"@context\":\"https:\/\/schema.org\",\"@graph\":[{\"@type\":\"WebPage\",\"@id\":\"https:\/\/jososabadell.cat\/\",\"url\":\"https:\/\/jososabadell.cat\/\",\"name\":\"Inici - Escola Joso Sabadell\",\"isPartOf\":{\"@id\":\"https:\/\/jososabadell.cat\/#website\"},\"datePublished\":\"2018-03-27T18:39:48+00:00\",\"dateModified\":\"2025-03-09T21:29:34+00:00\",\"breadcrumb\":{\"@id\":\"https:\/\/jososabadell.cat\/#breadcrumb\"},\"inLanguage\":\"es\",\"potentialAction\":[{\"@type\":\"ReadAction\",\"target\":[\"https:\/\/jososabadell.cat\/\"]}]},{\"@type\":\"BreadcrumbList\",\"@id\":\"https:\/\/jososabadell.cat\/#breadcrumb\",\"itemListElement\":[{\"@type\":\"ListItem\",\"position\":1,\"name\":\"Inici\",\"item\":\"https:\/\/jososabadell.cat\/\"},{\"@type\":\"ListItem\",\"position\":2,\"name\":\"Inici\"}]},{\"@type\":\"WebSite\",\"@id\":\"https:\/\/jososabadell.cat\/#website\",\"url\":\"https:\/\/jososabadell.cat\/\",\"name\":\"Escola Joso Sabadell\",\"description\":\"\",\"potentialAction\":[{\"@type\":\"SearchAction\",\"target\":{\"@type\":\"EntryPoint\",\"urlTemplate\":\"https:\/\/jososabadell.cat\/?s={search_term_string}\"},\"query-input\":{\"@type\":\"PropertyValueSpecification\",\"valueRequired\":true,\"valueName\":\"search_term_string\"}}],\"inLanguage\":\"es\"}]}<\/script>\n<!-- \/ Yoast SEO plugin. -->","yoast_head_json":{"title":"Inici - Escola Joso Sabadell","robots":{"index":"index","follow":"follow","max-snippet":"max-snippet:-1","max-image-preview":"max-image-preview:large","max-video-preview":"max-video-preview:-1"},"canonical":"https:\/\/jososabadell.cat\/es\/","og_locale":"es_ES","og_type":"article","og_title":"Inici - Escola Joso Sabadell","og_description":"Hola!L\u2019Escola Joso Sabadell \u00e9s el centre de c\u00f2mic i arts visuals de refer\u00e8ncia al Vall\u00e8s Occidental. Des de fa 30 anys ensenyem a dibuixar, colorejar, narrar, modelar, dissenyar, animar i molt m\u00e9s! Per les nostres aules han passat multitud d'alumnes que actualment s\u00f3n autores i autors de renom. Un bon grapat ara s\u00f3n professores i [&hellip;]","og_url":"https:\/\/jososabadell.cat\/es\/","og_site_name":"Escola Joso Sabadell","article_publisher":"https:\/\/www.facebook.com\/escolajososabadell\/","article_modified_time":"2025-03-09T21:29:34+00:00","twitter_card":"summary_large_image","twitter_site":"@EscolaJosoSbd","twitter_misc":{"Tiempo de lectura":"1 minuto"},"schema":{"@context":"https:\/\/schema.org","@graph":[{"@type":"WebPage","@id":"https:\/\/jososabadell.cat\/","url":"https:\/\/jososabadell.cat\/","name":"Inici - Escola Joso Sabadell","isPartOf":{"@id":"https:\/\/jososabadell.cat\/#website"},"datePublished":"2018-03-27T18:39:48+00:00","dateModified":"2025-03-09T21:29:34+00:00","breadcrumb":{"@id":"https:\/\/jososabadell.cat\/#breadcrumb"},"inLanguage":"es","potentialAction":[{"@type":"ReadAction","target":["https:\/\/jososabadell.cat\/"]}]},{"@type":"BreadcrumbList","@id":"https:\/\/jososabadell.cat\/#breadcrumb","itemListElement":[{"@type":"ListItem","position":1,"name":"Inici","item":"https:\/\/jososabadell.cat\/"},{"@type":"ListItem","position":2,"name":"Inici"}]},{"@type":"WebSite","@id":"https:\/\/jososabadell.cat\/#website","url":"https:\/\/jososabadell.cat\/","name":"&nbsp;Escola Joso Sabadell","description":"","potentialAction":[{"@type":"SearchAction","target":{"@type":"EntryPoint","urlTemplate":"https:\/\/jososabadell.cat\/?s={search_term_string}"},"query-input":{"@type":"PropertyValueSpecification","valueRequired":true,"valueName":"search_term_string"}}],"inLanguage":"es"}]}},"_links":{"self":[{"href":"https:\/\/jososabadell.cat\/es\/wp-json\/wp\/v2\/pages\/23"}],"collection":[{"href":"https:\/\/jososabadell.cat\/es\/wp-json\/wp\/v2\/pages"}],"about":[{"href":"https:\/\/jososabadell.cat\/es\/wp-json\/wp\/v2\/types\/page"}],"author":[{"embeddable":true,"href":"https:\/\/jososabadell.cat\/es\/wp-json\/wp\/v2\/users\/1"}],"replies":[{"embeddable":true,"href":"https:\/\/jososabadell.cat\/es\/wp-json\/wp\/v2\/comments?post=23"}],"version-history":[{"count":44,"href":"https:\/\/jososabadell.cat\/es\/wp-json\/wp\/v2\/pages\/23\/revisions"}],"predecessor-version":[{"id":10340,"href":"https:\/\/jososabadell.cat\/es\/wp-json\/wp\/v2\/pages\/23\/revisions\/10340"}],"wp:attachment":[{"href":"https:\/\/jososabadell.cat\/es\/wp-json\/wp\/v2\/media?parent=23"}],"curies":[{"name":"wp","href":"https:\/\/api.w.org\/{rel}","templated":true}]}}